{"id":45,"date":"2020-02-24T14:19:26","date_gmt":"2020-02-24T13:19:26","guid":{"rendered":"https:\/\/www.dui.dk\/jubi\/?page_id=45"},"modified":"2025-05-14T09:20:05","modified_gmt":"2025-05-14T07:20:05","slug":"om-jubi-lejren","status":"publish","type":"page","link":"https:\/\/www.dui.dk\/jubi\/","title":{"rendered":"JUBI-lejr 2025"},"content":{"rendered":"<p><a href=\"https:\/\/www.dui.dk\/jubi\/lejrbog\/\"><span style=\"font-weight: bold;\"><img loading=\"lazy\" decoding=\"async\" class=\"size-full wp-image-164 alignleft\" style=\"font-weight: 400;\" src=\"https:\/\/www.dui.dk\/jubi\/wp-content\/uploads\/sites\/80\/2024\/12\/2.png\" alt=\"\" width=\"150\" height=\"150\" \/><\/span><\/a><a href=\"https:\/\/www.dui.dk\/jubi\/lejrpladsen\/\"><img loading=\"lazy\" decoding=\"async\" class=\"size-full wp-image-165 alignleft\" style=\"font-weight: bold;\" src=\"https:\/\/www.dui.dk\/jubi\/wp-content\/uploads\/sites\/80\/2024\/12\/3.png\" alt=\"\" width=\"150\" height=\"150\" \/><\/a><a href=\"https:\/\/dui.nemtilmeld.dk\/78\/\"><img loading=\"lazy\" decoding=\"async\" class=\"size-full wp-image-162 alignleft\" src=\"https:\/\/www.dui.dk\/jubi\/wp-content\/uploads\/sites\/80\/2024\/12\/4.png\" alt=\"\" width=\"150\" height=\"150\" \/><\/a><a href=\"https:\/\/www.dui.dk\/jubi\/aktiviteter-program\/\"><img loading=\"lazy\" decoding=\"async\" class=\"size-full wp-image-163 alignleft\" src=\"https:\/\/www.dui.dk\/jubi\/wp-content\/uploads\/sites\/80\/2024\/12\/1.png\" alt=\"\" width=\"150\" height=\"150\" \/><\/a><\/p>\n<p>&nbsp;<\/p>\n<p>&nbsp;<\/p>\n<p>&nbsp;<\/p>\n<p>&nbsp;<\/p>\n<p>&nbsp;<\/p>\n<p><a href=\"https:\/\/www.dui.dk\/jubi\/bliv-frivillig\/\"><img loading=\"lazy\" decoding=\"async\" class=\"alignleft wp-image-226 size-full\" src=\"https:\/\/www.dui.dk\/jubi\/wp-content\/uploads\/sites\/80\/2025\/01\/Din-afsnitstekst.png\" alt=\"\" width=\"600\" height=\"100\" srcset=\"https:\/\/www.dui.dk\/jubi\/wp-content\/uploads\/sites\/80\/2025\/01\/Din-afsnitstekst.png 600w, https:\/\/www.dui.dk\/jubi\/wp-content\/uploads\/sites\/80\/2025\/01\/Din-afsnitstekst-300x50.png 300w\" sizes=\"auto, (max-width: 600px) 100vw, 600px\" \/><\/a><\/p>\n<p>&nbsp;<\/p>\n<p>&nbsp;<\/p>\n<p>&nbsp;<\/p>\n<p>&nbsp;<\/p>\n<p>&nbsp;<\/p>\n<p>Vi er glade for at kunne invitere jer til DUI-LEG og VIRKE&#8217;s jubil\u00e6umslejr, ogs\u00e5 kaldt <span style=\"font-weight: bold;\">JUBI-lejr<\/span> i\u00a0uge 31, fra <span style=\"font-weight: bold;\">tirsdag den 29. juli til s\u00f8ndag den 3. august 2025<\/span>. Lejren finder sted p\u00e5 vores sk\u00f8nne kursuscenter Ankersminde, og i \u00e5r bliver temaet noget helt s\u00e6rligt \u2013 vi skal p\u00e5 <span style=\"font-weight: bold;\">tidsrejse!<\/span><\/p>\n<p>DUI afholder jubil\u00e6umslejr hver 5. \u00e5r, men der blev aflyst i 2020 grundet corona, s\u00e5 vi er ekstra sp\u00e6ndte p\u00e5 2025.<\/p>\n<p><span data-contrast=\"auto\">Denne sommer f\u00e5r I muligheden for at dykke ned i sp\u00e6ndende historier fra fortiden, og opleve hvad fremtiden byder p\u00e5. Der vil v\u00e6re sjove og l\u00e6rerige aktiviteter for hele familien \u2013 fra leg og kreativitet til sport og samarbejde.<\/span><span data-ccp-props=\"{&quot;201341983&quot;:0,&quot;335559739&quot;:0,&quot;335559740&quot;:276}\">\u00a0<\/span><\/p>\n<p><span data-contrast=\"auto\">For de unge deltagere vil der v\u00e6re en <\/span><b><span data-contrast=\"auto\">ungecamp<\/span><\/b><span data-contrast=\"auto\">, hvor de kan hygge sig med deres egne aktiviteter og m\u00f8de andre p\u00e5 samme alder. Dette omr\u00e5de giver mulighed for selvst\u00e6ndighed, venskaber og masser af sjov!<\/span><span data-ccp-props=\"{&quot;201341983&quot;:0,&quot;335559739&quot;:0,&quot;335559740&quot;:276}\">\u00a0<\/span><\/p>\n<p><span data-ccp-props=\"{&quot;201341983&quot;:0,&quot;335559739&quot;:0,&quot;335559740&quot;:276}\">\u00a0<\/span><span data-contrast=\"auto\">Lejren er for alle aldre, og vi s\u00f8rger for, at der er noget for enhver smag. For dem af jer der ikke kender DUI, skal vi nok s\u00f8rge for at tage ekstra godt imod jer. Tag hele familien med p\u00e5 denne tidsrejse \u2013 det bliver en uge fyldt med f\u00e6llesskab, eventyr og uforglemmelige oplevelser!<\/span><span data-ccp-props=\"{&quot;201341983&quot;:0,&quot;335559739&quot;:0,&quot;335559740&quot;:276}\">\u00a0<\/span><\/p>\n<p><span data-ccp-props=\"{&quot;201341983&quot;:0,&quot;335559739&quot;:0,&quot;335559740&quot;:276}\">\u00a0<\/span><\/p>\n<p><b><span data-contrast=\"auto\">Praktisk information:<\/span><\/b><span data-ccp-props=\"{&quot;201341983&quot;:0,&quot;335559739&quot;:0,&quot;335559740&quot;:276}\">\u00a0<\/span><\/p>\n<ul>\n<li data-leveltext=\"\uf0b7\" data-font=\"Symbol\" data-listid=\"1\" data-list-defn-props=\"{&quot;335552541&quot;:1,&quot;335559685&quot;:720,&quot;335559991&quot;:360,&quot;469769226&quot;:&quot;Symbol&quot;,&quot;469769242&quot;:[8226],&quot;469777803&quot;:&quot;left&quot;,&quot;469777804&quot;:&quot;\uf0b7&quot;,&quot;469777815&quot;:&quot;multilevel&quot;}\" aria-setsize=\"-1\" data-aria-posinset=\"1\" data-aria-level=\"1\"><b><span data-contrast=\"auto\">Dato:<\/span><\/b><span data-contrast=\"auto\"> 29. juli \u2013 3. august 2025<\/span><span data-ccp-props=\"{&quot;201341983&quot;:0,&quot;335559739&quot;:0,&quot;335559740&quot;:276}\">\u00a0<\/span><img loading=\"lazy\" decoding=\"async\" class=\"size-medium wp-image-112 alignright\" src=\"https:\/\/www.dui.dk\/jubi\/wp-content\/uploads\/sites\/80\/2024\/10\/Raket-141x300.png\" alt=\"\" width=\"141\" height=\"300\" srcset=\"https:\/\/www.dui.dk\/jubi\/wp-content\/uploads\/sites\/80\/2024\/10\/Raket-141x300.png 141w, https:\/\/www.dui.dk\/jubi\/wp-content\/uploads\/sites\/80\/2024\/10\/Raket.png 436w\" sizes=\"auto, (max-width: 141px) 100vw, 141px\" \/><\/li>\n<\/ul>\n<ul>\n<li data-leveltext=\"\uf0b7\" data-font=\"Symbol\" data-listid=\"1\" data-list-defn-props=\"{&quot;335552541&quot;:1,&quot;335559685&quot;:720,&quot;335559991&quot;:360,&quot;469769226&quot;:&quot;Symbol&quot;,&quot;469769242&quot;:[8226],&quot;469777803&quot;:&quot;left&quot;,&quot;469777804&quot;:&quot;\uf0b7&quot;,&quot;469777815&quot;:&quot;multilevel&quot;}\" aria-setsize=\"-1\" data-aria-posinset=\"2\" data-aria-level=\"1\"><b><span data-contrast=\"auto\">Sted:<\/span><\/b><span data-contrast=\"auto\"> Ankersminde kursuscenter, Gadsb\u00f8llevej 100, 5492 Vissenbjerg<\/span><span data-ccp-props=\"{&quot;201341983&quot;:0,&quot;335559739&quot;:0,&quot;335559740&quot;:276}\">\u00a0<\/span><\/li>\n<\/ul>\n<ul>\n<li data-leveltext=\"\uf0b7\" data-font=\"Symbol\" data-listid=\"1\" data-list-defn-props=\"{&quot;335552541&quot;:1,&quot;335559685&quot;:720,&quot;335559991&quot;:360,&quot;469769226&quot;:&quot;Symbol&quot;,&quot;469769242&quot;:[8226],&quot;469777803&quot;:&quot;left&quot;,&quot;469777804&quot;:&quot;\uf0b7&quot;,&quot;469777815&quot;:&quot;multilevel&quot;}\" aria-setsize=\"-1\" data-aria-posinset=\"3\" data-aria-level=\"1\"><b><span data-contrast=\"auto\">Pris:<\/span><\/b><span data-contrast=\"auto\"> 1000 kr. (b\u00f8rn under 4 \u00e5r er gratis)<\/span><span data-ccp-props=\"{&quot;201341983&quot;:0,&quot;335559739&quot;:0,&quot;335559740&quot;:276}\">\u00a0<\/span><\/li>\n<\/ul>\n<ul>\n<li data-leveltext=\"\uf0b7\" data-font=\"Symbol\" data-listid=\"1\" data-list-defn-props=\"{&quot;335552541&quot;:1,&quot;335559685&quot;:720,&quot;335559991&quot;:360,&quot;469769226&quot;:&quot;Symbol&quot;,&quot;469769242&quot;:[8226],&quot;469777803&quot;:&quot;left&quot;,&quot;469777804&quot;:&quot;\uf0b7&quot;,&quot;469777815&quot;:&quot;multilevel&quot;}\" aria-setsize=\"-1\" data-aria-posinset=\"4\" data-aria-level=\"1\"><b><span data-contrast=\"auto\">Tema:<\/span><\/b><span data-contrast=\"auto\"> Tidsrejse<\/span><span data-ccp-props=\"{&quot;201341983&quot;:0,&quot;335559739&quot;:0,&quot;335559740&quot;:276}\">\u00a0<\/span><\/li>\n<\/ul>\n<ul>\n<li data-leveltext=\"\uf0b7\" data-font=\"Symbol\" data-listid=\"1\" data-list-defn-props=\"{&quot;335552541&quot;:1,&quot;335559685&quot;:720,&quot;335559991&quot;:360,&quot;469769226&quot;:&quot;Symbol&quot;,&quot;469769242&quot;:[8226],&quot;469777803&quot;:&quot;left&quot;,&quot;469777804&quot;:&quot;\uf0b7&quot;,&quot;469777815&quot;:&quot;multilevel&quot;}\" aria-setsize=\"-1\" data-aria-posinset=\"5\" data-aria-level=\"1\"><b><span data-contrast=\"auto\">M\u00e5lgruppe:<\/span><\/b><span data-contrast=\"auto\"> Hele familien \u2013 der er aktiviteter for b\u00e5de b\u00f8rn, voksne og unge<\/span><span data-ccp-props=\"{&quot;201341983&quot;:0,&quot;335559739&quot;:0,&quot;335559740&quot;:276}\">\u00a0<\/span><\/li>\n<\/ul>\n<ul>\n<li data-leveltext=\"\uf0b7\" data-font=\"Symbol\" data-listid=\"1\" data-list-defn-props=\"{&quot;335552541&quot;:1,&quot;335559685&quot;:720,&quot;335559991&quot;:360,&quot;469769226&quot;:&quot;Symbol&quot;,&quot;469769242&quot;:[8226],&quot;469777803&quot;:&quot;left&quot;,&quot;469777804&quot;:&quot;\uf0b7&quot;,&quot;469777815&quot;:&quot;multilevel&quot;}\" aria-setsize=\"-1\" data-aria-posinset=\"4\" data-aria-level=\"1\"><b><span data-contrast=\"auto\">Overnatning:<\/span><\/b><span data-contrast=\"auto\"> Ejet telt<\/span><\/li>\n<\/ul>\n<ul>\n<li data-leveltext=\"\uf0b7\" data-font=\"Symbol\" data-listid=\"1\" data-list-defn-props=\"{&quot;335552541&quot;:1,&quot;335559685&quot;:720,&quot;335559991&quot;:360,&quot;469769226&quot;:&quot;Symbol&quot;,&quot;469769242&quot;:[8226],&quot;469777803&quot;:&quot;left&quot;,&quot;469777804&quot;:&quot;\uf0b7&quot;,&quot;469777815&quot;:&quot;multilevel&quot;}\" aria-setsize=\"-1\" data-aria-posinset=\"6\" data-aria-level=\"1\"><b><span data-contrast=\"auto\">Tilmelding hvis du ikke er medlem af DUI:<\/span><\/b><span data-contrast=\"auto\"> P\u00e5 nemtilmeld (<a href=\"https:\/\/dui.nemtilmeld.dk\/78\/\">her<\/a>)<\/span><span data-ccp-props=\"{&quot;201341983&quot;:0,&quot;335559739&quot;:0,&quot;335559740&quot;:276}\">\u00a0<\/span><\/li>\n<\/ul>\n<ul>\n<li data-leveltext=\"\uf0b7\" data-font=\"Symbol\" data-listid=\"1\" data-list-defn-props=\"{&quot;335552541&quot;:1,&quot;335559685&quot;:720,&quot;335559991&quot;:360,&quot;469769226&quot;:&quot;Symbol&quot;,&quot;469769242&quot;:[8226],&quot;469777803&quot;:&quot;left&quot;,&quot;469777804&quot;:&quot;\uf0b7&quot;,&quot;469777815&quot;:&quot;multilevel&quot;}\" aria-setsize=\"-1\" data-aria-posinset=\"7\" data-aria-level=\"1\"><b><span data-contrast=\"auto\">Tilmelding for medlemmer af DUI:<\/span><\/b><span data-contrast=\"auto\"> Igennem jeres afdeling (nogle afdelinger kan tilbyde tilskud)<\/span><span data-ccp-props=\"{&quot;201341983&quot;:0,&quot;335559739&quot;:0,&quot;335559740&quot;:276}\">\u00a0<\/span><\/li>\n<\/ul>\n<ul>\n<li data-leveltext=\"\uf0b7\" data-font=\"Symbol\" data-listid=\"1\" data-list-defn-props=\"{&quot;335552541&quot;:1,&quot;335559685&quot;:720,&quot;335559991&quot;:360,&quot;469769226&quot;:&quot;Symbol&quot;,&quot;469769242&quot;:[8226],&quot;469777803&quot;:&quot;left&quot;,&quot;469777804&quot;:&quot;\uf0b7&quot;,&quot;469777815&quot;:&quot;multilevel&quot;}\" aria-setsize=\"-1\" data-aria-posinset=\"8\" data-aria-level=\"1\"><b><span data-contrast=\"auto\">Tilmeldingsfrist:<\/span><\/b><span data-contrast=\"auto\"> 1. maj 2025<\/span><span data-ccp-props=\"{&quot;201341983&quot;:0,&quot;335559739&quot;:0,&quot;335559740&quot;:276}\">\u00a0<\/span>&#8211; <em>ventelisten er nu \u00e5ben<\/em>.<\/li>\n<\/ul>\n<ul>\n<li><strong>Dagsbilletter: <\/strong>250 kr. pr. dag. (1 dag svarer til 3 m\u00e5ltider). <strong><a href=\"https:\/\/dui.nemtilmeld.dk\/85\/\">Tilmeldes her<\/a><\/strong>\u00a0indtil 1. juni.<\/li>\n<\/ul>\n<p><span data-contrast=\"auto\">Tilmeldingen er f\u00f8rst til m\u00f8lle med maksimalt 300 deltagere. Hvis der mod forventning kommer flere tilmeldinger, vil vi fors\u00f8ge at samarbejde med naboerne omkring parkering, s\u00e5 vi kan have flere deltagere.<\/span><span data-ccp-props=\"{&quot;201341983&quot;:0,&quot;335559739&quot;:0,&quot;335559740&quot;:276}\">\u00a0<\/span><\/p>\n<p><span data-contrast=\"auto\">Ved sp\u00f8rgsm\u00e5l kan I kontakte Olivia p\u00e5 olivia@dui.dk.<\/span><span data-ccp-props=\"{&quot;201341983&quot;:0,&quot;335559739&quot;:0,&quot;335559740&quot;:276}\">\u00a0<\/span><\/p>\n<p><span data-contrast=\"auto\">Vi gl\u00e6der os til at se jer til sommer og til sammen at skabe nye minder!<\/span><span data-ccp-props=\"{&quot;201341983&quot;:0,&quot;335559739&quot;:0,&quot;335559740&quot;:276}\">\u00a0<\/span><\/p>\n<p>&nbsp;<\/p>\n<p>St\u00f8ttet af Arbejdsmarkedets Feriefond<\/p>\n<p><img loading=\"lazy\" decoding=\"async\" class=\"alignnone size-medium wp-image-297\" src=\"https:\/\/www.dui.dk\/jubi\/wp-content\/uploads\/sites\/80\/2025\/03\/affLogoSmall-300x59.png\" alt=\"\" width=\"300\" height=\"59\" srcset=\"https:\/\/www.dui.dk\/jubi\/wp-content\/uploads\/sites\/80\/2025\/03\/affLogoSmall-300x59.png 300w, https:\/\/www.dui.dk\/jubi\/wp-content\/uploads\/sites\/80\/2025\/03\/affLogoSmall.png 471w\" sizes=\"auto, (max-width: 300px) 100vw, 300px\" \/><\/p>\n","protected":false},"excerpt":{"rendered":"<p>&nbsp; &nbsp; &nbsp; &nbsp; &nbsp; &nbsp; &nbsp; &nbsp; &nbsp; &nbsp; Vi er glade for at kunne invitere jer til DUI-LEG og VIRKE&#8217;s jubil\u00e6umslejr, ogs\u00e5 kaldt JUBI-lejr i\u00a0uge 31, fra tirsdag den 29. juli til s\u00f8ndag den 3. august 2025. Lejren finder sted p\u00e5 vores sk\u00f8nne kursuscenter Ankersminde, og i \u00e5r bliver temaet noget helt s\u00e6rligt [&hellip;]<\/p>\n","protected":false},"author":4,"featured_media":0,"parent":0,"menu_order":0,"comment_status":"closed","ping_status":"closed","template":"","meta":{"_acf_changed":false,"footnotes":""},"class_list":["post-45","page","type-page","status-publish","hentry"],"acf":[],"yoast_head":"<!-- This site is optimized with the Yoast SEO plugin v27.1.1 - https:\/\/yoast.com\/product\/yoast-seo-wordpress\/ -->\n<title>JUBI-lejr 2025 - JUBI-lejr<\/title>\n<meta name=\"robots\" content=\"index, follow, max-snippet:-1, max-image-preview:large, max-video-preview:-1\" \/>\n<link rel=\"canonical\" href=\"https:\/\/www.dui.dk\/jubi\/\" \/>\n<meta property=\"og:locale\" content=\"da_DK\" \/>\n<meta property=\"og:type\" content=\"article\" \/>\n<meta property=\"og:title\" content=\"JUBI-lejr 2025 - JUBI-lejr\" \/>\n<meta property=\"og:description\" content=\"&nbsp; &nbsp; &nbsp; &nbsp; &nbsp; &nbsp; &nbsp; &nbsp; &nbsp; &nbsp; Vi er glade for at kunne invitere jer til DUI-LEG og VIRKE&#8217;s jubil\u00e6umslejr, ogs\u00e5 kaldt JUBI-lejr i\u00a0uge 31, fra tirsdag den 29. juli til s\u00f8ndag den 3. august 2025. Lejren finder sted p\u00e5 vores sk\u00f8nne kursuscenter Ankersminde, og i \u00e5r bliver temaet noget helt s\u00e6rligt [&hellip;]\" \/>\n<meta property=\"og:url\" content=\"https:\/\/www.dui.dk\/jubi\/\" \/>\n<meta property=\"og:site_name\" content=\"JUBI-lejr\" \/>\n<meta property=\"article:modified_time\" content=\"2025-05-14T07:20:05+00:00\" \/>\n<meta property=\"og:image\" content=\"https:\/\/www.dui.dk\/jubi\/wp-content\/uploads\/sites\/80\/2024\/12\/2.png\" \/>\n\t<meta property=\"og:image:width\" content=\"150\" \/>\n\t<meta property=\"og:image:height\" content=\"150\" \/>\n\t<meta property=\"og:image:type\" content=\"image\/png\" \/>\n<meta name=\"twitter:card\" content=\"summary_large_image\" \/>\n<meta name=\"twitter:label1\" content=\"Estimeret l\u00e6setid\" \/>\n\t<meta name=\"twitter:data1\" content=\"4 minutter\" \/>\n<script type=\"application\/ld+json\" class=\"yoast-schema-graph\">{\"@context\":\"https:\/\/schema.org\",\"@graph\":[{\"@type\":\"WebPage\",\"@id\":\"https:\/\/www.dui.dk\/jubi\/\",\"url\":\"https:\/\/www.dui.dk\/jubi\/\",\"name\":\"JUBI-lejr 2025 - JUBI-lejr\",\"isPartOf\":{\"@id\":\"https:\/\/www.dui.dk\/jubi\/#website\"},\"primaryImageOfPage\":{\"@id\":\"https:\/\/www.dui.dk\/jubi\/#primaryimage\"},\"image\":{\"@id\":\"https:\/\/www.dui.dk\/jubi\/#primaryimage\"},\"thumbnailUrl\":\"https:\/\/www.dui.dk\/jubi\/wp-content\/uploads\/sites\/80\/2024\/12\/2.png\",\"datePublished\":\"2020-02-24T13:19:26+00:00\",\"dateModified\":\"2025-05-14T07:20:05+00:00\",\"breadcrumb\":{\"@id\":\"https:\/\/www.dui.dk\/jubi\/#breadcrumb\"},\"inLanguage\":\"da-DK\",\"potentialAction\":[{\"@type\":\"ReadAction\",\"target\":[\"https:\/\/www.dui.dk\/jubi\/\"]}]},{\"@type\":\"ImageObject\",\"inLanguage\":\"da-DK\",\"@id\":\"https:\/\/www.dui.dk\/jubi\/#primaryimage\",\"url\":\"https:\/\/www.dui.dk\/jubi\/wp-content\/uploads\/sites\/80\/2024\/12\/2.png\",\"contentUrl\":\"https:\/\/www.dui.dk\/jubi\/wp-content\/uploads\/sites\/80\/2024\/12\/2.png\",\"width\":150,\"height\":150},{\"@type\":\"BreadcrumbList\",\"@id\":\"https:\/\/www.dui.dk\/jubi\/#breadcrumb\",\"itemListElement\":[{\"@type\":\"ListItem\",\"position\":1,\"name\":\"Hjem\",\"item\":\"https:\/\/www.dui.dk\/jubi\/\"},{\"@type\":\"ListItem\",\"position\":2,\"name\":\"JUBI-lejr 2025\"}]},{\"@type\":\"WebSite\",\"@id\":\"https:\/\/www.dui.dk\/jubi\/#website\",\"url\":\"https:\/\/www.dui.dk\/jubi\/\",\"name\":\"JUBI-lejr\",\"description\":\"\",\"potentialAction\":[{\"@type\":\"SearchAction\",\"target\":{\"@type\":\"EntryPoint\",\"urlTemplate\":\"https:\/\/www.dui.dk\/jubi\/?s={search_term_string}\"},\"query-input\":{\"@type\":\"PropertyValueSpecification\",\"valueRequired\":true,\"valueName\":\"search_term_string\"}}],\"inLanguage\":\"da-DK\"}]}<\/script>\n<!-- \/ Yoast SEO plugin. -->","yoast_head_json":{"title":"JUBI-lejr 2025 - JUBI-lejr","robots":{"index":"index","follow":"follow","max-snippet":"max-snippet:-1","max-image-preview":"max-image-preview:large","max-video-preview":"max-video-preview:-1"},"canonical":"https:\/\/www.dui.dk\/jubi\/","og_locale":"da_DK","og_type":"article","og_title":"JUBI-lejr 2025 - JUBI-lejr","og_description":"&nbsp; &nbsp; &nbsp; &nbsp; &nbsp; &nbsp; &nbsp; &nbsp; &nbsp; &nbsp; Vi er glade for at kunne invitere jer til DUI-LEG og VIRKE&#8217;s jubil\u00e6umslejr, ogs\u00e5 kaldt JUBI-lejr i\u00a0uge 31, fra tirsdag den 29. juli til s\u00f8ndag den 3. august 2025. Lejren finder sted p\u00e5 vores sk\u00f8nne kursuscenter Ankersminde, og i \u00e5r bliver temaet noget helt s\u00e6rligt [&hellip;]","og_url":"https:\/\/www.dui.dk\/jubi\/","og_site_name":"JUBI-lejr","article_modified_time":"2025-05-14T07:20:05+00:00","og_image":[{"width":150,"height":150,"url":"https:\/\/www.dui.dk\/jubi\/wp-content\/uploads\/sites\/80\/2024\/12\/2.png","type":"image\/png"}],"twitter_card":"summary_large_image","twitter_misc":{"Estimeret l\u00e6setid":"4 minutter"},"schema":{"@context":"https:\/\/schema.org","@graph":[{"@type":"WebPage","@id":"https:\/\/www.dui.dk\/jubi\/","url":"https:\/\/www.dui.dk\/jubi\/","name":"JUBI-lejr 2025 - JUBI-lejr","isPartOf":{"@id":"https:\/\/www.dui.dk\/jubi\/#website"},"primaryImageOfPage":{"@id":"https:\/\/www.dui.dk\/jubi\/#primaryimage"},"image":{"@id":"https:\/\/www.dui.dk\/jubi\/#primaryimage"},"thumbnailUrl":"https:\/\/www.dui.dk\/jubi\/wp-content\/uploads\/sites\/80\/2024\/12\/2.png","datePublished":"2020-02-24T13:19:26+00:00","dateModified":"2025-05-14T07:20:05+00:00","breadcrumb":{"@id":"https:\/\/www.dui.dk\/jubi\/#breadcrumb"},"inLanguage":"da-DK","potentialAction":[{"@type":"ReadAction","target":["https:\/\/www.dui.dk\/jubi\/"]}]},{"@type":"ImageObject","inLanguage":"da-DK","@id":"https:\/\/www.dui.dk\/jubi\/#primaryimage","url":"https:\/\/www.dui.dk\/jubi\/wp-content\/uploads\/sites\/80\/2024\/12\/2.png","contentUrl":"https:\/\/www.dui.dk\/jubi\/wp-content\/uploads\/sites\/80\/2024\/12\/2.png","width":150,"height":150},{"@type":"BreadcrumbList","@id":"https:\/\/www.dui.dk\/jubi\/#breadcrumb","itemListElement":[{"@type":"ListItem","position":1,"name":"Hjem","item":"https:\/\/www.dui.dk\/jubi\/"},{"@type":"ListItem","position":2,"name":"JUBI-lejr 2025"}]},{"@type":"WebSite","@id":"https:\/\/www.dui.dk\/jubi\/#website","url":"https:\/\/www.dui.dk\/jubi\/","name":"JUBI-lejr","description":"","potentialAction":[{"@type":"SearchAction","target":{"@type":"EntryPoint","urlTemplate":"https:\/\/www.dui.dk\/jubi\/?s={search_term_string}"},"query-input":{"@type":"PropertyValueSpecification","valueRequired":true,"valueName":"search_term_string"}}],"inLanguage":"da-DK"}]}},"_links":{"self":[{"href":"https:\/\/www.dui.dk\/jubi\/wp-json\/wp\/v2\/pages\/45","targetHints":{"allow":["GET"]}}],"collection":[{"href":"https:\/\/www.dui.dk\/jubi\/wp-json\/wp\/v2\/pages"}],"about":[{"href":"https:\/\/www.dui.dk\/jubi\/wp-json\/wp\/v2\/types\/page"}],"author":[{"embeddable":true,"href":"https:\/\/www.dui.dk\/jubi\/wp-json\/wp\/v2\/users\/4"}],"replies":[{"embeddable":true,"href":"https:\/\/www.dui.dk\/jubi\/wp-json\/wp\/v2\/comments?post=45"}],"version-history":[{"count":5,"href":"https:\/\/www.dui.dk\/jubi\/wp-json\/wp\/v2\/pages\/45\/revisions"}],"predecessor-version":[{"id":324,"href":"https:\/\/www.dui.dk\/jubi\/wp-json\/wp\/v2\/pages\/45\/revisions\/324"}],"wp:attachment":[{"href":"https:\/\/www.dui.dk\/jubi\/wp-json\/wp\/v2\/media?parent=45"}],"curies":[{"name":"wp","href":"https:\/\/api.w.org\/{rel}","templated":true}]}}